{"id":959,"date":"2015-03-15T13:47:50","date_gmt":"2015-03-15T12:47:50","guid":{"rendered":"http:\/\/www.auzouvillesurry.fr\/wordpress\/?page_id=959"},"modified":"2026-03-23T11:56:14","modified_gmt":"2026-03-23T10:56:14","slug":"test-accueil","status":"publish","type":"page","link":"https:\/\/www.auzouvillesurry.fr\/wordpress\/","title":{"rendered":"Accueil"},"content":{"rendered":"\n<div class=\"wp-block-columns is-layout-flex wp-container-core-columns-is-layout-9d6595d7 wp-block-columns-is-layout-flex\">\n\n<div class=\"wp-block-column is-layout-flow wp-block-column-is-layout-flow\" style=\"flex-basis:25%\">\n\n\n<p class=\"has-text-align-center\"><span style=\"font-size: x-large;\"><span style=\"color: #ff6600;\"><strong>Agenda<\/strong><\/span><\/span><span style=\"color: #ff6600;\"><span style=\"font-size: x-large;\"><\/span><\/span><\/p>\n\n\n<span style=\"font-size: small;\">\n4 avril : Lis moi une histoire <br \/>\n8 avril : chasse aux oeufs <br \/>\n2 mai : Lis moi une histoire <br \/>\n8 mai : comm\u00e9moration du 8 mai 1945 <br \/>\n6 juin : concert <br \/>\n13 juin : Lis moi une histoire <br \/>\n26 juin : march\u00e9 festif <br \/>\n11 juillet : Lis moi une histoire <br \/>\n9 ao\u00fbt : foire \u00e0 tout <br \/>\n15 ao\u00fbt : f\u00eate patronale d\u00e9fil\u00e9 humoristique <br \/>\n5 septembre : forum des associations <br \/>\n27 septembre : escape game <br \/>\n10 octobre : repas \u00e0 th\u00e8me <br \/>\n13 d\u00e9cembre : spectacle de No\u00ebl <br \/><br \/>\n\n\n<p class=\"has-text-align-left\"><span style=\"color: #ff6600;\"><span style=\"font-size: x-large;\"><strong>March\u00e9 le jeudi<\/strong><\/span><\/span><\/p>\n\n\n<p><span style=\"font-size: small;\">March\u00e9 hebdomadaire sur la place de l&rsquo;\u00e9glise le jeudi de 16 h \u00e0 19 h<\/span><\/p>\n\n\n<figure class=\"wp-block-image size-full\"><img loading=\"lazy\" decoding=\"async\" width=\"800\" height=\"800\" src=\"https:\/\/www.auzouvillesurry.fr\/wordpress\/wp-content\/uploads\/2023\/08\/logo-jours-de-marche.png\" alt=\"\" class=\"wp-image-12257\" srcset=\"https:\/\/www.auzouvillesurry.fr\/wordpress\/wp-content\/uploads\/2023\/08\/logo-jours-de-marche.png 800w, https:\/\/www.auzouvillesurry.fr\/wordpress\/wp-content\/uploads\/2023\/08\/logo-jours-de-marche-300x300.png 300w, https:\/\/www.auzouvillesurry.fr\/wordpress\/wp-content\/uploads\/2023\/08\/logo-jours-de-marche-150x150.png 150w, https:\/\/www.auzouvillesurry.fr\/wordpress\/wp-content\/uploads\/2023\/08\/logo-jours-de-marche-768x768.png 768w\" sizes=\"auto, (max-width: 800px) 100vw, 800px\" \/><\/figure>\n\n\n<\/span><\/div>\n\n<div class=\"wp-block-column is-layout-flow wp-block-column-is-layout-flow\" style=\"flex-basis:50%\">\n\n\n<p style=\"text-align: center\"><span style=\"text-decoration: underline; color: #ff6600;\"><strong><span style=\"font-size: x-large;\">Soir\u00e9e Couscous COMPLET : R\u00e9servations closes<\/span><\/strong><\/span><\/p>\n\n<figure class=\"wp-block-image size-full\"><img decoding=\"async\" src=\"https:\/\/www.auzouvillesurry.fr\/wordpress\/wp-content\/uploads\/2026\/01\/COUSCOUS.jpeg\" alt=\"\" class=\"wp-image-12257\"\/><\/figure>\n\n<p style=\"text-align: center\"><span style=\"text-decoration: underline; color: #ff6600;\"><strong><span style=\"font-size: x-large;\">Apr\u00e8s midi dansante<\/span><\/strong><\/span><\/p>\n\n<figure class=\"wp-block-image size-full\"><img decoding=\"async\" src=\"https:\/\/www.auzouvillesurry.fr\/wordpress\/wp-content\/uploads\/2026\/02\/THE.png\" alt=\"\" class=\"wp-image-12257\"\/><\/figure>\n\n\n\n\n<\/div>\n<div class=\"wp-block-column\" style=\"flex-basis:25%\">\n\n\n<p class=\"has-text-align-center\"><span style=\"font-size: x-large;\"><span style=\"color: #ff6600;\"><strong>Biblioth\u00e8que<\/strong><\/span><\/span><\/p>\n\n\n<p class=\"has-text-align-center\"><span style=\"font-size: small;\">mardi de 16 h 45 \u00e0 17 h 45 <br \/>mercredi de 15 h \u00e0 16 h 30 <br \/>jeudi de 16 h 45 \u00e0 17 h 45 <br \/> samedi de 10 h \u00e0 12 h 15<\/span><\/p>\n\n\n<p class=\"has-text-align-center\"><span style=\"font-size: small;\">Fermeture en ao\u00fbt<br \/>Portail des biblioth\u00e8ques <a href=\"https:\/\/lespagesvertes.fr\/\" class=\"external external_icon\" rel=\"nofollow\" target=\"_blank\">lespagesvertes.fr<\/a><\/span><\/p>\n\n<div class=\"wp-block-image\">\n<figure class=\"aligncenter\"><img loading=\"lazy\" decoding=\"async\" width=\"300\" height=\"164\" src=\"https:\/\/www.auzouvillesurry.fr\/wordpress\/wp-content\/uploads\/Logo\/logo-r\u00e9seau-300x164.jpg\" alt=\"\" class=\"wp-image-4386\" srcset=\"https:\/\/www.auzouvillesurry.fr\/wordpress\/wp-content\/uploads\/Logo\/logo-r\u00e9seau-300x164.jpg 300w, https:\/\/www.auzouvillesurry.fr\/wordpress\/wp-content\/uploads\/Logo\/logo-r\u00e9seau.jpg 304w\" sizes=\"auto, (max-width: 300px) 100vw, 300px\" \/><\/figure>\n<\/div>\n\n<p class=\"has-text-align-center\"><span style=\"color: #ff6600;\"><span style=\"font-size: x-large;\"><strong>M\u00e9t\u00e9o<\/strong><\/span><\/span><\/p>\n\n\n<p><iframe loading=\"lazy\" id=\"widget_autocomplete_preview\" src=\"https:\/\/meteofrance.com\/widget\/prevision\/760460##2196F3BF\" width=\"150\" height=\"300\" frameborder=\"0\"> <\/iframe><\/p>\n\n\n<p class=\"has-text-align-center\"><span style=\"color: #ff6600;\"><span style=\"font-size: x-large;\"><strong>Restez connect\u00e9<\/strong><\/span><\/span><\/p>\n\n\n<p><span style=\"font-size: small;\">Plus de 700 personnes suivent l&rsquo;actualit\u00e9 de la commune, directement sur leur smartphone, gr\u00e2ce \u00e0&nbsp; l&rsquo;application:<\/span><\/p>\n\n<div class=\"wp-block-image\">\n<figure class=\"aligncenter\"><a href=\"https:\/\/www.auzouvillesurry.fr\/wordpress\/wp-content\/uploads\/2020\/04\/Logo-Illiwap.jpg\"><img loading=\"lazy\" decoding=\"async\" width=\"300\" height=\"118\" src=\"https:\/\/www.auzouvillesurry.fr\/wordpress\/wp-content\/uploads\/2020\/04\/Logo-Illiwap-300x118.jpg\" alt=\"\" class=\"wp-image-9901\" srcset=\"https:\/\/www.auzouvillesurry.fr\/wordpress\/wp-content\/uploads\/2020\/04\/Logo-Illiwap-300x118.jpg 300w, https:\/\/www.auzouvillesurry.fr\/wordpress\/wp-content\/uploads\/2020\/04\/Logo-Illiwap-768x303.jpg 768w, https:\/\/www.auzouvillesurry.fr\/wordpress\/wp-content\/uploads\/2020\/04\/Logo-Illiwap-1024x404.jpg 1024w, https:\/\/www.auzouvillesurry.fr\/wordpress\/wp-content\/uploads\/2020\/04\/Logo-Illiwap-600x237.jpg 600w, https:\/\/www.auzouvillesurry.fr\/wordpress\/wp-content\/uploads\/2020\/04\/Logo-Illiwap.jpg 1527w\" sizes=\"auto, (max-width: 300px) 100vw, 300px\" \/><\/a><\/figure>\n<\/div>\n\n<p><span style=\"font-size: small;\">Installez l&rsquo;application pour rester connect\u00e9<br \/><a href=\"https:\/\/www.auzouvillesurry.fr\/wordpress\/wp-content\/uploads\/2020\/04\/guide.pdf\" target=\"_blank\" rel=\"noreferrer noopener\">&nbsp;Plus d&rsquo;informations<\/a><\/span><\/p>\n\n\n<p class=\"has-text-align-center\"><br \/><span style=\"color: #ff6600;\"><span style=\"font-size: x-large;\"><strong>Abonnez-vous<\/strong><br \/><\/span><\/span><\/p>\n\n\n<p><span style=\"font-size: small;\">Vous voulez suivre l&rsquo;actualit\u00e9 de notre site, \u00eatre inform\u00e9 de la vie de notre commune, abonnez-vous \u00e0 nos lettres d&rsquo;information \u00e0 l&rsquo;aide du lien en bas de cette page<\/span><\/p>\n\n\n<p class=\"has-text-align-center\"><span style=\"color: #ff6600;\"><span style=\"font-size: x-large;\"><strong>&nbsp;Nouveau sur le site<\/strong><\/span><\/span><\/p>\n\n\n<a href=https:\/\/www.auzouvillesurry.fr\/wordpress\/les-deliberations-du-conseil-de-1792-a-1928\/\" target=\"_blank\" rel=\"noopener\">Les d\u00e9lib\u00e9rations du conseil de 1792 \u00e0 1928<\/a>&nbsp;<br \/>\n<a href=\"https:\/\/www.auzouvillesurry.fr\/wordpress\/?page_id=13709\" target=\"_blank\" rel=\"noopener\">Un moulin \u00e0 vent?<\/a>&nbsp;\n<p><a href=\"https:\/\/www.auzouvillesurry.fr\/wordpress\/vie-pratique\/les-bulletins-municipaux\/\">Tous les bulletins communaux<\/a> <br \/><a rel=\"noreferrer noopener\" href=\"https:\/\/www.auzouvillesurry.fr\/wordpress\/1863-modification-du-trace-de-la-cote-des-lesques-actuelle-rue-de-la-distillerie\/\" target=\"_blank\">1863 des d\u00e9lib\u00e9rations du conseil<\/a> <br \/><a rel=\"noreferrer noopener\" href=\"https:\/\/www.auzouvillesurry.fr\/wordpress\/nomination-ou-election-des-maires-de-la-revolution-a-nos-jours\/\" target=\"_blank\">nomination ou \u00e9lection des maires de la r\u00e9volution \u00e0 nos jours<\/a><br \/><a rel=\"noreferrer noopener\" href=\"https:\/\/www.auzouvillesurry.fr\/wordpress\/heure-dete-histoire-et-polemique\/\" target=\"_blank\">heure d&rsquo;\u00e9t\u00e9 : histoire et pol\u00e9mique<\/a> <br \/><a rel=\"noreferrer noopener\" href=\"https:\/\/www.auzouvillesurry.fr\/wordpress\/15-aout-2024-les-jeux-olympiques\/\"target=\"_blank\">Les jeux olympiques Auzouvillais<\/a><br \/>\n<a rel=\"noreferrer noopener\"  href=\"https:\/\/www.auzouvillesurry.fr\/wordpress\/histoire-et-patrimoine\/la-grande-guerre\/le-conseil-et-la-guerre-1914-1918\/\"target=\"_blank\">Le conseil et la guerre 1914 1918<\/a><br \/>\n\n<\/p><\/div>\n\n<p>\n<!-- \/wp:post-content -->\n<\/p><p><\/p>\n<p>\n<!-- \/wp:post-content -->\n\n<\/p><p><\/p>\n<p>\n<!-- \/wp:post-content --><\/p><\/div>","protected":false},"excerpt":{"rendered":"<p>Agenda March\u00e9 le jeudi March\u00e9 hebdomadaire sur la place de l&rsquo;\u00e9glise le jeudi de 16 h \u00e0 19 h Biblioth\u00e8que mardi de 16 h 45 \u00e0 17 h 45 mercredi de 15 h \u00e0 16 h 30 jeudi de 16 h 45 \u00e0 17 h 45 samedi de 10 h \u00e0 12 h 15 Fermeture [&hellip;]<\/p>\n","protected":false},"author":1,"featured_media":0,"parent":0,"menu_order":0,"comment_status":"closed","ping_status":"open","template":"","meta":{"ngg_post_thumbnail":0,"footnotes":""},"class_list":["post-959","page","type-page","status-publish","hentry"],"_links":{"self":[{"href":"https:\/\/www.auzouvillesurry.fr\/wordpress\/wp-json\/wp\/v2\/pages\/959","targetHints":{"allow":["GET"]}}],"collection":[{"href":"https:\/\/www.auzouvillesurry.fr\/wordpress\/wp-json\/wp\/v2\/pages"}],"about":[{"href":"https:\/\/www.auzouvillesurry.fr\/wordpress\/wp-json\/wp\/v2\/types\/page"}],"author":[{"embeddable":true,"href":"https:\/\/www.auzouvillesurry.fr\/wordpress\/wp-json\/wp\/v2\/users\/1"}],"replies":[{"embeddable":true,"href":"https:\/\/www.auzouvillesurry.fr\/wordpress\/wp-json\/wp\/v2\/comments?post=959"}],"version-history":[{"count":1709,"href":"https:\/\/www.auzouvillesurry.fr\/wordpress\/wp-json\/wp\/v2\/pages\/959\/revisions"}],"predecessor-version":[{"id":13747,"href":"https:\/\/www.auzouvillesurry.fr\/wordpress\/wp-json\/wp\/v2\/pages\/959\/revisions\/13747"}],"wp:attachment":[{"href":"https:\/\/www.auzouvillesurry.fr\/wordpress\/wp-json\/wp\/v2\/media?parent=959"}],"curies":[{"name":"wp","href":"https:\/\/api.w.org\/{rel}","templated":true}]}}