{"id":1238,"date":"2015-05-28T20:59:05","date_gmt":"2015-05-28T19:59:05","guid":{"rendered":"http:\/\/www.auzouvillesurry.fr\/wordpress\/?page_id=1238"},"modified":"2022-11-07T18:17:18","modified_gmt":"2022-11-07T17:17:18","slug":"la-grande-guerre","status":"publish","type":"page","link":"https:\/\/www.auzouvillesurry.fr\/wordpress\/histoire-et-patrimoine\/la-grande-guerre\/","title":{"rendered":"La grande guerre"},"content":{"rendered":"<div id=\"hautpage\">\n<p>La contribution de la commune d&rsquo;Auzouville sur Ry \u00e0 la premi\u00e8re guerre mondiale:&nbsp;<\/p>\n<p>Il y a 100 notre pays \u00e9tait engag\u00e9 dans l&rsquo;une des guerres le plus meurtri\u00e8re de son histoire. Auzouville comme l&rsquo;ensemble des villes et villages de France a d\u00e9plor\u00e9 la perte de plusieurs de ses citoyens. Nous voulons ici honorer la m\u00e9moire de ceux dont les noms sont grav\u00e9s sur le monument aux morts de la commune, en retra\u00e7ant leur parcours.<\/p>\n<p>&nbsp;<\/p>\n<p><a href=\"#barrabe\">BARRABE Alexandre<\/a><br \/>\n<a href=\"#blainville\">BLAINVILLE Louis Marie Armand<\/a><br \/>\n<a href=\"#brunel\">BRUNEL Louis Andr\u00e9<\/a><br \/>\n<a href=\"#canuel\">CANUEL Raymond Louis Alphonse<\/a><br \/>\n<a href=\"#delbart\">DELBART Fernand Virgile Marie<\/a><br \/>\n<a href=\"#desarbres\">DESARBRES Augustin<\/a><br \/>\n<a href=\"#ducet\">DUCET Eug\u00e8ne D\u00e9sir\u00e9<\/a><br \/>\n<a href=\"#feret\">FERET Ernest C\u00e9lestin<\/a> <img loading=\"lazy\" decoding=\"async\" class=\"wp-image-1250 alignright\" src=\"https:\/\/www.auzouvillesurry.fr\/wordpress\/wp-content\/uploads\/comm\u00e9morations\/DSC_0179-150x150.jpg\" alt=\"\" width=\"186\" height=\"186\"\/><br \/>\n<a href=\"#gambu\">GAMBU L\u00e9on Albert<\/a><br \/>\n<a href=\"#lebarc\">LEBARC Joseph Albert<\/a><br \/>\n<a href=\"#lebarc maurice\">LEBARC Maurice Emile<\/a><br \/>\n<a href=\"#lefebvre\">LEFEBVRE Isidore Albert<\/a><br \/>\n<a href=\"#matura\">MATURA Jules Emile<\/a><br \/>\n<a href=\"#morin\">MORIN Albert Louis<\/a><br \/>\n<a href=\"#royer\">ROYER Emile Raymond<\/a><br \/>\n<a href=\"#turpin\">TURPIN Anthyme Jules<\/a><\/p>\n<div><a href=\"https:\/\/www.auzouvillesurry.fr\/wordpress\/wp-content\/uploads\/2022\/10\/livre-dor-guerre-14.pdf\" target=\"_blank\" rel=\"noopener noreferrer\">Livre d&rsquo;or de la guerre 14-18<\/a><\/div>\n<div>&nbsp;<\/div>\n<div id=\"barrabe\">D&rsquo;apr\u00e8s les recherches effectu\u00e9es par Martine Guyomard<\/div>\n<p>&nbsp;<\/p>\n<p style=\"text-align: left;\"><span style=\"color: #993300;\">BARRABE Alexandre<br \/>\n<\/span><\/p>\n<p style=\"padding-left: 30px;\">N\u00e9 le 08 avril 1892 aux Hogues Eure (27)P\u00e8re&nbsp;: BARRABE Alexandre<br \/>\nM\u00e8re&nbsp;: LIGNY Louise Adrienne Eug\u00e9nie<a href=\"https:\/\/www.auzouvillesurry.fr\/wordpress\/wp-content\/uploads\/comm\u00e9morations\/jonchery.jpeg\"><img loading=\"lazy\" decoding=\"async\" class=\" wp-image-1246 size-thumbnail alignright\" src=\"https:\/\/www.auzouvillesurry.fr\/wordpress\/wp-content\/uploads\/comm\u00e9morations\/jonchery-150x150.jpeg\" alt=\"\" width=\"150\" height=\"150\"\/><\/a><br \/>\nProfession&nbsp;:&nbsp; ?<br \/>\nDomicili\u00e9 \u00e0 Auzouville sur Ry<\/p>\n<p style=\"padding-left: 30px;\"><span style=\"text-decoration: underline;\">Classe<\/span> 1912, Matricule&nbsp;: 1058, 56\u00e8 DIR, 355\u00e8 RI, 17\u00e8 Cie, 5\u00e8 bataillon, Soldat de 2\u00e8 classe, Sergent<br \/>\n<span style=\"text-decoration: underline;\">Campagne<\/span> contre l\u2019Allemagne du 02 ao\u00fbt 1914 au 23 janvier 1916<br \/>\nTu\u00e9 \u00e0 l\u2019ennemi par balle \u00e0 16 h, tranch\u00e9e Boulanger au nord de la ferme des Waques \u00e0 Souain (Perthes le Hurlus aujourd\u2019hui), le 23 janvier 1916.<br \/>\nConstat du d\u00e9c\u00e8s impossible en raison des combats&nbsp;: dress\u00e9 \u00e0 Suippes par Claude Jean Baptiste Devaux, Lieutenant officier de l\u2019\u00e9tat civil.<br \/>\n<span style=\"text-decoration: underline;\">S\u00e9pulture<\/span> Jonchery sur Suippe Marne, N\u00e9cropole nationale de \u00ab&nbsp;Jonchery&nbsp;\u00bb, Tombe&nbsp;: 1738<br \/>\n<a href=\"https:\/\/www.archivesdepartementales76.net\/ark:\/50278\/ba857008f9e432681d08c104d7905896\/daogrp\/0\/1\" target=\"_blank\" rel=\"noopener noreferrer nofollow\" class=\"external external_icon\">Voir son livret militaire<\/a>&nbsp;<\/p>\n<p><a href=\"#hautpage\">Retour haut de page<\/a><\/p>\n<p><span style=\"color: #993300;\">BLAINVILLE Louis Marie Armand<\/span><\/p>\n<p style=\"padding-left: 30px;\">N\u00e9 le 11 juin 1886 Auzouville sur Ry Seine Inf\u00e9rieure (76)<br \/>\nP\u00e8re&nbsp;: BLAINVILLE Anth\u00e8me On\u00e9sime<br \/>\nM\u00e8re&nbsp;: EDELINE Marie Louise<br \/>\nProfession&nbsp;:&nbsp; Tailleur en 1906. Cocher dans usine de Perriers sur Andelle en 1909.<br \/>\nDomicili\u00e9&nbsp;\u00e0 Agen Lot et Garonne<br \/>\n(engag\u00e9 volontaire 4 ans \u00e0 Agen de 1905 a 1909)<br \/>\npuis \u00e0 Perriers sur Andelle<\/p>\n<p style=\"padding-left: 30px;\"><span style=\"text-decoration: underline;\">Classe<\/span> 1904 Matricule&nbsp;: 611 224\u00e8 RI, 14\u00e8 Cie, 6\u00e8 bataillon Soldat de 2\u00e8 classe<br \/>\n<span style=\"text-decoration: underline;\">Campagne<\/span> contre l\u2019Allemagne du 04 ao\u00fbt 1914 au 20 juin 1915<br \/>\nBless\u00e9 lors de l\u2019<a href=\"http:\/\/chtimiste.com\/batailles1418\/1915artois1.htm\" target=\"_blank\" rel=\"noopener noreferrer nofollow\" class=\"external external_icon\">attaque du Labyrinthe entre Neuville et Ecurie<\/a>. &nbsp;d\u00e9c\u00e9d\u00e9 \u00e0 Aubigny en Artois Pas de Calais, suite de blessure de guerre (plaies multiples profondes des 2 cuisses) dress\u00e9 par \u00c9mile Rigaud officier d\u2019administration, gestionnaire de l\u2019h\u00f4pital d\u2019\u00e9vacuation N\u00b05 \u00e0 Aubigny en Artois, le 7 juin 1915 \u00e0 9h du matin.<br \/>\n<span style=\"text-decoration: underline;\">Indication<\/span> Fin 1914, le 224\u00e8 RI se trouve \u00e0 M\u00e9ricourt. Les allemands sortent des tranch\u00e9es dans le secteur 110 entre 12h et 12h30, en faisant des gestes amicaux et en offrant des cigarettes et des cigares en l\u2019honneur de No\u00ebl.<br \/>\n<span style=\"text-decoration: underline;\">S\u00e9pulture<\/span> Aubigny en Artois, Carr\u00e9 militaire, Rang 9, Tombe 434<br \/>\n<a href=\"https:\/\/www.archivesdepartementales76.net\/ark:\/50278\/0066cddf04e2cf0ba9959ae43f898d3e\/daogrp\/0\/1\" target=\"_blank\" rel=\"noopener noreferrer nofollow\" class=\"external external_icon\">Voir son livret militaire<\/a><\/p>\n<div id=\"brunel\">&nbsp;<\/div>\n<p><a href=\"#hautpage\">Retour haut de page<\/a><\/p>\n<p><span style=\"color: #993300;\">BRUNEL Louis Andr\u00e9<\/span><\/p>\n<p style=\"padding-left: 30px;\">N\u00e9 le 13 mars 1884, Elbeuf sur Andelle Seine Inf\u00e9rieure (76)<br \/>\nP\u00e8re&nbsp;: BRUNEL Ernest<br \/>\nM\u00e8re&nbsp;: GROUVEL Emilie<br \/>\nProfession&nbsp;:&nbsp; Domestique<br \/>\nDomicili\u00e9 \u00e0 Auzouville sur Ry<\/p>\n<p style=\"padding-left: 30px;\"><span style=\"text-decoration: underline;\">Classe<\/span> 1904, Matricule&nbsp;: 1387, 150\u00e8 RI, 319\u00e8 RI,Soldat de 2\u00e8 classe<br \/>\n<span style=\"text-decoration: underline;\">Campagne<\/span> contre l\u2019Allemagne du 04 ao\u00fbt 1914 au 29 septembre 1915<br \/>\nTu\u00e9 \u00e0 l\u2019ennemi sur le champ de la <a href=\"https:\/\/www.auzouvillesurry.fr\/wordpress\/wp-content\/uploads\/2022\/11\/tahure.pdf\">bataille de tahure<\/a> Marne \u00e0 17 H. Constat du d\u00e9c\u00e8s impossible suite de l\u2019\u00e9loignement du champ de bataille, dress\u00e9 par le Lieutenant Fran\u00e7ois Pinzuti,&nbsp;Le 29 septembre 1915<br \/>\n<span style=\"text-decoration: underline;\">S\u00e9pulture<\/span> non connue<br \/>\n<span style=\"text-decoration: underline;\">Indication<\/span> tr\u00e8s peu de soldats tu\u00e9s \u00e0 Tahure ont une s\u00e9pulture. Ils sont probablement rest\u00e9s sur place ou mis dans un ossuaire.<br \/>\nHistorique du 150\u00e8 RI&nbsp;: le 25 septembre le r\u00e9giment quitte le bivouac et occupe la premi\u00e8re ligne de tranch\u00e9es allemandes. A 20 h il occupe le bois du Paon \u00e0 Perthe le Hurlus.<br \/>\nLe 26, \u00e0 13 h, le r\u00e9giment re\u00e7oit l\u2019ordre d\u2019attaquer la butte de Tahure. Il se met aussit\u00f4t en marche et progresse rapidement malgr\u00e9 de violents feux de barrage de l\u2019ennemi&nbsp;, mais il ne peut atteindre son objectif car il est arr\u00eat\u00e9 sur les pentes sud de Tahure par de violents feux de mitrailleuses. Une troisi\u00e8me tentative \u00e9choue le 19 septembre. Le r\u00e9giment \u00e9prouv\u00e9 par les terribles pertes qu\u2019il a subies et \u00e9puis\u00e9 par l\u2019effort qu\u2019il vient de fournir, est relev\u00e9 dans la nuit du 30 septembre au 1er octobre 1915.<br \/>\n<a href=\"https:\/\/www.archivesdepartementales76.net\/ark:\/50278\/f64976640e708e1ef613963387d2799d\/daogrp\/0\/1\" target=\"_blank\" rel=\"noopener noreferrer nofollow\" class=\"external external_icon\">Voir son livret militaire<\/a><\/p>\n<div id=\"canuel\">&nbsp;<\/div>\n<p><a href=\"#hautpage\">Retour haut de page<\/a><\/p>\n<p><span style=\"color: #993300;\">CANUEL Raymond Louis Alphonse<\/span><\/p>\n<p style=\"padding-left: 30px;\">N\u00e9 le 31 janvier 1895, Martainville Epreville, Seine Inf\u00e9rieure (76)<br \/>\nP\u00e8re&nbsp;: CANUEL Jean Baptiste R\u00e9mi<br \/>\nM\u00e8re&nbsp;: BOULANGER Augustine Alphonsine<br \/>\nProfession&nbsp;:&nbsp; Chauffeur M\u00e9canicien<br \/>\nDomicili\u00e9&nbsp;\u00e0 Auzouville sur Ry<br \/>\nMari\u00e9 le 17 ao\u00fbt 1904 \u00e0 Auzouville sur Ry avec DUVAL Julienne Alexandrine<\/p>\n<p style=\"padding-left: 30px;\"><span style=\"text-decoration: underline;\">Classe<\/span> 1915, Matricule&nbsp;: 1964, 31\u00e8 RI, 40\u00e8 territoriale d\u2019Infanterie, 113\u00e8 territoriale d\u2019infanterie, 131\u00e8 idem, 30\u00e8 RAC, 31\u00e8 RAC<br \/>\n<span style=\"text-decoration: underline;\">Campagne<\/span> contre l\u2019Allemagne du 18 d\u00e9cembre 1914 au 18 janvier 1917<br \/>\nD\u00e9c\u00e9d\u00e9 \u00e0 Auzouville sur Ry, suite de maladie contract\u00e9e en service (Tuberculose), Le 8 octobre 1920.<br \/>\n<span style=\"text-decoration: underline;\">S\u00e9pulture<\/span> Cimeti\u00e8re d\u2019Auzouville sur Ry&nbsp;. Concession expir\u00e9e.<br \/>\n<a href=\"https:\/\/www.archivesdepartementales76.net\/ark:\/50278\/4af4d29717729525ee557df73974d5f3\/daogrp\/0\/1\" target=\"_blank\" rel=\"noopener noreferrer nofollow\" class=\"external external_icon\">Voir son livret militaire<\/a><\/p>\n<div id=\"delbart\">&nbsp;<\/div>\n<p><a href=\"#hautpage\">Retour haut de page<\/a><\/p>\n<p><span style=\"color: #993300;\">DELBART Fernand Virgile Marie<\/span><\/p>\n<p style=\"padding-left: 30px;\">N\u00e9 le 23 d\u00e9cembre 1892, Auzouville sur Ry, Seine Inf\u00e9rieure (76)<\/p>\n<p style=\"padding-left: 30px;\">P\u00e8re&nbsp;: DELBART Virgile Numa<\/p>\n<div class=\"wpa-image-missing-alt alignright\"><a href=\"https:\/\/www.auzouvillesurry.fr\/wordpress\/wp-content\/uploads\/comm\u00e9morations\/delbart.jpeg\"><img loading=\"lazy\" decoding=\"async\" class=\"wp-image-1245 size-thumbnail aligncenter\" src=\"https:\/\/www.auzouvillesurry.fr\/wordpress\/wp-content\/uploads\/comm\u00e9morations\/delbart-150x150.jpeg\" alt=\"\" width=\"150\" height=\"150\"\/><\/a><\/div>\n<p style=\"padding-left: 30px;\">M\u00e8re&nbsp;: PITON Marie Alexandrine<br \/>\nProfession&nbsp;:&nbsp; Garde Moulin<br \/>\nDomicili\u00e9&nbsp;\u00e0 Aillant sur Tholon, Yonne<\/p>\n<p style=\"padding-left: 30px;\"><span style=\"text-decoration: underline;\">Classe<\/span> 1912, Matricule&nbsp;: 2608, 132\u00e8 RI, 18\u00e8 Bataillon chasseurs \u00e0 pied, Soldat de 2\u00e8 classe<br \/>\n<span style=\"text-decoration: underline;\">Campagne<\/span> contre l\u2019Allemagne du 30 octobre 1914 au 06 juillet 1915<br \/>\nTu\u00e9 \u00e0 l\u2019ennemi aux Eparges Meuse, le 13 juillet 1915<br \/>\n<span style=\"text-decoration: underline;\">S\u00e9pulture<\/span> non connue<br \/>\n<span style=\"text-decoration: underline;\">Indication<\/span> Chaque lundi de P\u00e2ques une c\u00e9r\u00e9monie comm\u00e9more les s\u00e9ries d\u2019attaques lanc\u00e9es vers la cr\u00eate des Eparges. En quelques jours, les r\u00e9giments fran\u00e7ais perdirent plus de 5000 hommes tu\u00e9s, bless\u00e9s ou disparus&nbsp;, appartenant pour un grand nombre d\u2019entre eux aux r\u00e9giments de la 12\u00e8 division d\u2019infanterie de Reims (132\u00e8 RI, 106\u00e8 RI et 25\u00e8 bataillon de chasseurs \u00e0 pied)<br \/>\nLors de ces assauts, ils furent tu\u00e9s, engloutis dans la boue des Eparges, d\u00e9chiquet\u00e9s par les mines dont les immenses crat\u00e8res ponctuent la mont\u00e9e vers le sommet de la cr\u00eate.<br \/>\nMonument du coq \u00e0 Combres sous les C\u00f4tes Meuse \u00e9lev\u00e9 en souvenir des soldats de la 12\u00e8 division morts dans la bataille des Eparges.<br \/>\n<a href=\"https:\/\/www.archivesdepartementales76.net\/ark:\/50278\/5c271d624d8f3d96d478348f5f9a57bb\/daogrp\/0\/1\" target=\"_blank\" rel=\"noopener noreferrer nofollow\" class=\"external external_icon\">Voir son livret militaire<\/a><\/p>\n<div id=\"desarbres\">&nbsp;<\/div>\n<p><a href=\"#hautpage\">Retour haut de page<\/a><\/p>\n<p><span style=\"color: #993300;\">DESARBRES Augustin<\/span><\/p>\n<p style=\"padding-left: 30px;\">N\u00e9 le 03 novembre 1890, Deneuille les Mines, Allier (03)<\/p>\n<div class=\"wpa-image-missing-alt alignright\"><a href=\"https:\/\/www.auzouvillesurry.fr\/wordpress\/wp-content\/uploads\/comm\u00e9morations\/desarbres.jpg\"><img loading=\"lazy\" decoding=\"async\" class=\"wp-image-1244 size-thumbnail alignnone\" src=\"https:\/\/www.auzouvillesurry.fr\/wordpress\/wp-content\/uploads\/comm\u00e9morations\/desarbres-150x150.jpg\" alt=\"\" width=\"150\" height=\"150\"\/><\/a><\/div>\n<p style=\"padding-left: 30px;\">P\u00e8re&nbsp;: DESARBRES Jean<br \/>\nM\u00e8re&nbsp;: COGNET Louise<br \/>\nProfession&nbsp;:&nbsp; Mineur<br \/>\nDomicili\u00e9&nbsp;\u00e0 Loos en Gohelle Pas de Calais, chez ses parents en 1913<\/p>\n<p style=\"padding-left: 30px;\"><span style=\"text-decoration: underline;\">Classe<\/span> 1911, Matricule&nbsp;: 1191, 168\u00e8 RI 3\u00e8me compagnie, Soldat de 2\u00e8 classe<br \/>\n<span style=\"text-decoration: underline;\">Indication<\/span> La famille DESARBRES est native de Deneuille les Mines en Auvergne. Elle a immigr\u00e9 dans le Pas de Calais. Loos en Gohelle \u00e9tait en zone occup\u00e9e pendant la premi\u00e8re guerre mondiale. Commune envahie du 10 octobre 1914 au mois d\u2019ao\u00fbt 1917. Comme beaucoup d\u2019autres , la famille s\u2019est r\u00e9fugi\u00e9e en Normandie en ao\u00fbt 1914 et s\u2019est install\u00e9e \u00e0 Auzouville sur Ry au hameau du Thil.<br \/>\nLe p\u00e8re Jean (ma\u00e7on) et le fr\u00e8re Isidore n\u00e9 en 1889 (ouvrier boulanger et exempt\u00e9 de service militaire) ont exerc\u00e9 le m\u00e9tier d\u2019ouvrier agricole. Le deuxi\u00e8me fr\u00e8re Joseph n\u00e9 en 1894 a fait la campagne et a eu les pieds gel\u00e9s en d\u00e9cembre 1914 en Argonne. Bless\u00e9 le 16 juillet 1916 \u00e0 l\u2019avant bras gauche par un \u00e9clat d\u2019obus (Croix de guerre, \u00e9toile de bronze,fourrag\u00e8re aux couleurs de la m\u00e9daille militaire) Rentr\u00e9 en ao\u00fbt 1919, il est devenu \u00e9galement ouvrier agricole.<br \/>\n<span style=\"text-decoration: underline;\">Campagne<\/span> contre l\u2019Allemagne du 04 ao\u00fbt 1914 au 28 juillet 1915<br \/>\nD\u00e9c\u00e9d\u00e9 des suites de ses blessures \u00e0 l\u2019h\u00f4pital de Sainte M\u00e9n\u00e9hould Marne, Le 22 juillet 1915.<br \/>\n<span style=\"text-decoration: underline;\">S\u00e9pulture<\/span> Sainte M\u00e9n\u00e9hould, N\u00e9cropole nationale \u00ab&nbsp;Sainte M\u00e9n\u00e9hould&nbsp;\u00bb, Tombe 845<\/p>\n<div id=\"ducet\">&nbsp;<\/div>\n<p><a href=\"#hautpage\">Retour haut de page<\/a><\/p>\n<p><span style=\"color: #993300;\">DUCET Eug\u00e8ne D\u00e9sir\u00e9<\/span><\/p>\n<p style=\"padding-left: 30px;\">N\u00e9 le 19 avril 1886, Saint Aignan sur Ry, Seine inf\u00e9rieure (76)<\/p>\n<div class=\"wpa-image-missing-alt alignright\"><a href=\"https:\/\/www.auzouvillesurry.fr\/wordpress\/wp-content\/uploads\/comm\u00e9morations\/ducet.jpeg\"><img loading=\"lazy\" decoding=\"async\" class=\"wp-image-1243 size-thumbnail alignnone\" src=\"https:\/\/www.auzouvillesurry.fr\/wordpress\/wp-content\/uploads\/comm\u00e9morations\/ducet-150x150.jpeg\" alt=\"\" width=\"150\" height=\"150\"\/><\/a><\/div>\n<p style=\"padding-left: 30px;\">P\u00e8re&nbsp;: DUCET Alexis<br \/>\nM\u00e8re&nbsp;: EDELINE Marie Th\u00e9r\u00e8se St\u00e9phanie<br \/>\nProfession&nbsp;:&nbsp;Cultivateur<br \/>\nDomicili\u00e9&nbsp;: Auzouville sur Ry<br \/>\nMari\u00e9 le 8 novembre 1910 au H\u00e9ron avec CARPENTIER Marthe Albertine<\/p>\n<p style=\"padding-left: 30px;\"><span style=\"text-decoration: underline;\">Classe<\/span> 1906, Matricule&nbsp;: 1590, 24\u00e8 RI, Soldat de 2\u00e8classe<br \/>\n<span style=\"text-decoration: underline;\">Campagne<\/span> contre l\u2019Allemagne du 04 ao\u00fbt 1914 au 05 juillet 1916.<br \/>\n<span style=\"text-decoration: underline;\">Citation<\/span> Bless\u00e9 devant Fleury Meuse. Excellent soldat sur le front depuis le d\u00e9but de la campagne . Courageux et d\u00e9vou\u00e9.<br \/>\nA \u00e9t\u00e9 tr\u00e8s gri\u00e8vement bless\u00e9 le 23 juin 1916 par un \u00e9clat d\u2019obus \u00e0 son poste de combat au cours d\u2019une attaque . A \u00e9t\u00e9 amput\u00e9 de la cuisse gauche.<br \/>\nM\u00e9daille militaire<br \/>\nCroix de guerre<br \/>\nD\u00e9c\u00e9d\u00e9 des suites de ses blessures \u00e0 l\u2019ambulance 9\/2, ferme de Maujouy, \u00e0 Senoncourt Meuse, le 5 juillet 1916.<br \/>\n<span style=\"text-decoration: underline;\">S\u00e9pulture<\/span> Dans le cimeti\u00e8re militaire de Senoncourt les Maujouy&nbsp;, plus de 500 victimes y sont enterr\u00e9es. Il y avait sur le site actuel du cimeti\u00e8re, un h\u00f4pital temporaire durant la guerre.<br \/>\n<a href=\"https:\/\/www.archivesdepartementales76.net\/ark:\/50278\/d8e63210425ba3c89bca1ed342f1a8f4\/daogrp\/0\/1\" target=\"_blank\" rel=\"noopener noreferrer nofollow\" class=\"external external_icon\">Voir son livret militaire<\/a><\/p>\n<div id=\"feret\">&nbsp;<\/div>\n<p><a href=\"#hautpage\">Retour haut de page<\/a><\/p>\n<p><span style=\"color: #993300;\"><span style=\"font-family: Liberation Serif,serif;\"><span style=\"font-size: medium;\">FERET Ernest D\u00e9sir\u00e9<\/span><\/span><\/span><\/p>\n<p style=\"padding-left: 30px;\"><span style=\"font-family: Liberation Serif,serif;\">N\u00e9 le 22 avril 1892, Auzouville sur Ry<br \/>\nP\u00e8re&nbsp;: FERET Ernest C\u00e9lestin<br \/>\nM\u00e8re&nbsp;: DELAMARE Berthe<br \/>\nProfession : t\u00f4lier<br \/>\nDomicili\u00e9 \u00e0 Rouen, rue Eau de Robec<a href=\"https:\/\/www.auzouvillesurry.fr\/wordpress\/wp-content\/uploads\/comm\u00e9morations\/feret.jpg\"><img loading=\"lazy\" decoding=\"async\" class=\"alignright wp-image-1952\" src=\"https:\/\/www.auzouvillesurry.fr\/wordpress\/wp-content\/uploads\/comm\u00e9morations\/feret.jpg\" alt=\"\" width=\"560\" height=\"220\"\/><\/a><br \/>\nMari\u00e9<\/span><\/p>\n<p style=\"padding-left: 30px;\"><span style=\"font-family: Liberation Serif,serif;\"><u>Classe<\/u> 1912 \u2013 matricule 1744 au recrutement de Rouen Nord<br \/>\nCaporal mobilis\u00e9 le 03\/08\/1914 au 074 e RI<br \/>\nDisparu au combat le 22\/08\/1914 \u00e0 Roselies <span style=\"color: #000000;\">Belgique, <\/span><span style=\"color: #000000;\">Jugement d\u00e9claratif du Tribunal de Rouen du 19\/12\/1920<\/span><br \/>\nAge au d\u00e9c\u00e8s : 22 ans<br \/>\nDur\u00e9e de mobilisation : 19 jours <\/span><\/p>\n<p style=\"padding-left: 30px;\"><span style=\"font-family: Liberation Serif,serif;\"><u>Indication<\/u> le 22 ao\u00fbt 1914 lors de la<a href=\"http:\/\/rosalielebel75.franceserv.com\/bataille-des-frontieres.html\" target=\"_blank\" rel=\"noopener noreferrer nofollow\" class=\"external external_icon\"> bataille des fronti\u00e8res<\/a> 75 soldats Rouennais mobilises le 3 ao\u00fbt 1914 sont les premi\u00e8res victimes de la grande boucherie de 14- 18. 27 000 Fran\u00e7ais sont tu\u00e9s le 22 ao\u00fbt 1914 en Belgique, le jour le plus sanglant de l\u2019histoire de France. C\u2019est 4 fois plus qu\u2019\u00e0 Waterloo, autant que durant les huit ann\u00e9es de la guerre d\u2019Alg\u00e9rie.<\/span><\/p>\n<p style=\"padding-left: 30px;\"><span style=\"font-size: small;\"><u>S\u00e9pulture<\/u>&nbsp;:Peut-\u00eatre \u00e0 l&rsquo;ossuaire de <a href=\"http:\/\/www.belgique-tourisme.fr\/informations\/attractions-touristiques-aiseau-presles-cimetiere-militaire-de-la-belle-motte-a-aiseau-presles\/fr\/V\/64117.html\" target=\"_blank\" rel=\"noopener noreferrer nofollow\" class=\"external external_icon\">Belle Motte \u00e0 Aiseau-Presles<\/a> en Belgique.<br \/>\n<\/span>&nbsp;<\/p>\n<p><a href=\"#hautpage\">Retour haut de page<\/a><\/p>\n<p><span style=\"color: #993300;\">GAMBU L\u00e9on Albert<\/span><\/p>\n<p style=\"padding-left: 30px;\">N\u00e9 le 24 d\u00e9cembre 1876, Auzouville sur Ry, Seine inf\u00e9rieure (76)<\/p>\n<div class=\"wpa-image-missing-alt alignright\"><a href=\"https:\/\/www.auzouvillesurry.fr\/wordpress\/wp-content\/uploads\/comm\u00e9morations\/gambu.jpeg\"><img loading=\"lazy\" decoding=\"async\" class=\"wp-image-1242 size-thumbnail alignnone\" src=\"https:\/\/www.auzouvillesurry.fr\/wordpress\/wp-content\/uploads\/comm\u00e9morations\/gambu-150x150.jpeg\" alt=\"\" width=\"150\" height=\"150\"\/><\/a><\/div>\n<p style=\"padding-left: 30px;\">P\u00e8re&nbsp;: GAMBU L\u00e9on Albert<br \/>\nM\u00e8re&nbsp;: SIMON Marie Cl\u00e9mentine<br \/>\nProfession&nbsp;:&nbsp; Domestique<br \/>\nDomicili\u00e9&nbsp;: Auzouville sur Ry<br \/>\nMari\u00e9 \u00e0 Martainville Epreville le 15 novembre 1902 avec GUEROULT Am\u00e9lie L\u00e9oplodine<\/p>\n<p style=\"padding-left: 30px;\"><span style=\"text-decoration: underline;\">Classe<\/span> 1896, Matricule&nbsp;: 1583, 119\u00e8 RI, 21\u00e8 RIT, 239\u00e8 RI, 10 Cie, Soldat de 2\u00e8 classe, Caporal<br \/>\n<span style=\"text-decoration: underline;\">Campagne<\/span> contre l\u2019Allemagne du 04 ao\u00fbt 1914 au 23 juin 1916.<br \/>\nTu\u00e9 \u00e0 l\u2019ennemi \u00e0 6h du soir devant <a href=\"https:\/\/www.memorialgenweb.org\/memorial3\/html\/fr\/complementter.php?table=bp&amp;id=6706881\" target=\"_blank\" rel=\"noopener nofollow\" class=\"external external_icon\">Fleury Meuse<\/a> le 23 juin 1916.<br \/>\n<span style=\"text-decoration: underline;\">Indication<\/span> Fleury devant Douaumont fut enti\u00e8rement d\u00e9truit en 1916 pendant la bataille de Verdun et ne fut pas reconstruit&nbsp;. Depuis le site de la commune est devenu un lieu de souvenir inhabit\u00e9.<br \/>\nLes territoriaux sont charg\u00e9s de mission de ravitaillement et autres missions de soutien aux troupes de premi\u00e8re ligne, sous les bombardements et les gaz. Un nombre important de territoriaux perdent la vie dans ces actions m\u00e9connues et difficiles mais indispensables.<br \/>\n<span style=\"text-decoration: underline;\">S\u00e9pulture<\/span> non connue<br \/>\n<a href=\"https:\/\/www.archivesdepartementales76.net\/ark:\/50278\/7772e6722231f1919428899754b26142\/daogrp\/0\/1\" target=\"_blank\" rel=\"noopener noreferrer nofollow\" class=\"external external_icon\">Voir son livret militaire<\/a><\/p>\n<div id=\"lebarc\">&nbsp;<\/div>\n<p><a href=\"#hautpage\">Retour haut de page<\/a><\/p>\n<p><span style=\"color: #993300;\">LEBARC Joseph Albert<\/span><\/p>\n<p style=\"padding-left: 30px;\">N\u00e9 le 27 mars 1885, Saint Aubin Epinay, Seine inf\u00e9rieure (76)<br \/>\nP\u00e8re&nbsp;: LEBARC Joseph Adonis<br \/>\nM\u00e8re&nbsp;: HAVEL Cl\u00e9mentine Albertine<br \/>\nProfession&nbsp;:&nbsp; Chauffeur machine \u00e0 battre<br \/>\nDomicili\u00e9&nbsp;\u00e0 Auzouville sur Ry Hameau du Thil<br \/>\nC\u00e9libataire<\/p>\n<p style=\"padding-left: 30px;\"><span style=\"text-decoration: underline;\">Classe<\/span> 1905, Matricule&nbsp;: 1295, 119\u00e8 RI, Soldat de 1\u00e8re classe<br \/>\n<span style=\"text-decoration: underline;\">Campagne<\/span> contre l\u2019Allemagne du 04 ao\u00fbt 1914 au 26 juin 1915.<br \/>\nTu\u00e9 au combat \u00e0 13 h, sur le champ de bataille de Aix Noulette Pas de Calais,. Dress\u00e9 par Eug\u00e8ne Rpse Lieutenant, officier de l\u2019\u00e9tat civil, le 26 juin 1915.<br \/>\n<span style=\"text-decoration: underline;\">Citation<\/span> D\u00e9cor\u00e9 de la Croix de guerre avec Etoile d&rsquo;argent (J.O. du 11\/04\/1920) &#8211; Citation \u00ab\u00a0Bon soldat. Tomb\u00e9 glorieusement pour la France, \u00e0 son poste de combat.<br \/>\n<span style=\"text-decoration: underline;\">Indication<\/span> Pour le centenaire des combats d\u2019Artois, un m\u00e9morial a \u00e9t\u00e9 \u00e9rig\u00e9 \u00e0 Notre Dame de Lorette o\u00f9 sont grav\u00e9s les noms de 600&nbsp;000 soldats venus de tous les continents pour tomber sur le m\u00eame sol, sans distinction de nationalit\u00e9, de grade ou de religion.<br \/>\n<span style=\"text-decoration: underline;\">S\u00e9pulture<\/span> Albain Saint Nazaire Pas de Calais, N\u00e9cropole nationale \u00ab&nbsp;<a href=\"https:\/\/www.onac-vg.fr\/hauts-lieux-memoire-necropoles\/notre-dame-de-lorette\" target=\"_blank\" rel=\"noopener noreferrer nofollow\" class=\"external external_icon\">Notre Dame de Lorette<\/a>&nbsp;\u00bb, Carr\u00e9 5, Tombe 2<br \/>\n<a href=\"https:\/\/www.archivesdepartementales76.net\/ark:\/50278\/f10bc87b1f14ce21f581e635d222649a\/daogrp\/0\/1\" target=\"_blank\" rel=\"noopener noreferrer nofollow\" class=\"external external_icon\">Voir son livret militaire<\/a><\/p>\n<div id=\"lebarc maurice\">&nbsp;<\/div>\n<p><a href=\"#hautpage\">Retour haut de page<\/a><\/p>\n<p><span style=\"color: #993300;\">LEBARC Maurice Emile<\/span><\/p>\n<p style=\"padding-left: 30px;\">N\u00e9 le 10 octobre 1891, Darn\u00e9tal, Seine inf\u00e9rieure (76)<br \/>\nP\u00e8re&nbsp;: LEBARC Joseph Adonis<br \/>\nM\u00e8re&nbsp;: HAVEL Cl\u00e9mentine Albertine<br \/>\nProfession&nbsp;:&nbsp; Domestique agricole<br \/>\nDomicili\u00e9&nbsp;: Auzouville sur Ry<br \/>\nC\u00e9libataire<\/p>\n<p style=\"padding-left: 30px;\"><span style=\"text-decoration: underline;\">Classe<\/span> 1911, Matricule&nbsp;: 3421, 155\u00e8 RI, Soldat de 2\u00e8 classe<br \/>\n<span style=\"text-decoration: underline;\">Campagne<\/span> contre l\u2019Allemagne du 04 ao\u00fbt 1914 au 14 d\u00e9cembre 1914.<br \/>\nTu\u00e9 \u00e0 l\u2019ennemi \u00e0 <a href=\"https:\/\/www.memorialgenweb.org\/memorial3\/html\/fr\/complementter.php?table=bp&amp;id=6706889\" target=\"_blank\" rel=\"noopener nofollow\" class=\"external external_icon\">Ornes Meuse<\/a>, Le 14 d\u00e9cembre 1914.<br \/>\n<span style=\"text-decoration: underline;\">Indication<\/span> Ornes est un village class\u00e9 comme \u00ab&nbsp;mort pour la France&nbsp;\u00bb Il fait parti des villages d\u00e9truits durant la premi\u00e8re guerre mondiale. Il continue \u00e0 b\u00e9n\u00e9ficier d\u2019une existence officielle en tant que commune, mais avec \u00e0 sa t\u00eate un maire nomm\u00e9 par le pr\u00e9fet de la Meuse.<br \/>\nLe 14 d\u00e9cembre 1914, op\u00e9ration sur les Jumelles d\u2019Ornes(cotes 307 et 310) \u00e0 partir de 6h du matin. De nombreux bless\u00e9s, tu\u00e9s et disparus.<br \/>\n<span style=\"text-decoration: underline;\">S\u00e9pulture<\/span> non connue<\/p>\n<div id=\"lefebvre\">&nbsp;<\/div>\n<p><a href=\"#hautpage\">Retour haut de page<\/a><\/p>\n<p><span style=\"color: #993300;\">LEFEBVRE Isidore Albert<\/span><\/p>\n<p style=\"padding-left: 30px;\">N\u00e9 le 17 juin 1879, Saint Mards, Seine inf\u00e9rieure (76)<br \/>\nP\u00e8re&nbsp;: LEFEBVRE Alexandre Germain, journalier<br \/>\nM\u00e8re&nbsp;: LEPAGE Pauline St\u00e9phanie Ang\u00e9lique, tisserande<br \/>\nProfession&nbsp;:&nbsp; Journalier<br \/>\nDomicili\u00e9&nbsp;: Auzouville sur Ry<br \/>\nMari\u00e9 \u00e0 Criquetot sur Longueville le 16 novembre 1907 Avec Mazire Louise Jeanne (journali\u00e8re)<\/p>\n<p style=\"padding-left: 30px;\"><span style=\"text-decoration: underline;\">Classe<\/span> 1899, Matricule&nbsp;: 1818 Service de sant\u00e9, 1\u00e8re section d\u2019infirmiers militaires, Groupe brancardier du 38\u00e8 corps, Soldat de 2\u00e8 classe<br \/>\n<span style=\"text-decoration: underline;\">Campagne<\/span> contre l\u2019Allemagne du 06 ao\u00fbt 1914 au 08 juillet 1918.<br \/>\nTu\u00e9 \u00e0 l\u2019ennemi \u00e0 Ess\u00f4mes sur Marne, \u00e0 6h30 du soir. Dress\u00e9 par Claude Joseph, 2\u00e8 classe, officier d\u2019\u00e9tat civil, le 08 juillet 1918. (sur JMO du 38\u00e8 CA d\u00e9c\u00e8s notifi\u00e9 le 9 juillet)<br \/>\n(un secours de 150 fr a \u00e9t\u00e9 accord\u00e9 \u00e0 Mme veuve Lefebvre le 15 novembre 1918)<br \/>\n<span style=\"text-decoration: underline;\">Citation<\/span> Brancardier courageux et d\u2019un d\u00e9vouement absolu. Envoy\u00e9 en renfort du G.B.D 39 et a \u00e9t\u00e9 tu\u00e9 alors qu\u2019il revenait de reconna\u00eetre un poste avanc\u00e9.<br \/>\n<span style=\"text-decoration: underline;\">S\u00e9pulture<\/span> Ch\u00e2teau Thierry Aisne, <a href=\"http:\/\/www.memorialgenweb.org\/memorial3\/html\/fr\/complementter.php?id=5200584&amp;largeur=1600&amp;hauteur=900\" target=\"_blank\" rel=\"noopener noreferrer nofollow\" class=\"external external_icon\">N\u00e9cropole nationale \u00ab&nbsp;Chesneaux<\/a>&nbsp;\u00bb, Tombe 1353<br \/>\n<a href=\"https:\/\/www.archivesdepartementales76.net\/ark:\/50278\/8d6cad6abc121302ccf79be8e2ad9ab8\/daogrp\/0\/1\" target=\"_blank\" rel=\"noopener noreferrer nofollow\" class=\"external external_icon\">Voir son livret militaire<\/a><\/p>\n<div id=\"matura\">&nbsp;<\/div>\n<p><a href=\"#hautpage\">Retour haut de page<\/a><\/p>\n<p><span style=\"color: #993300;\">MATURA Jules Emile<\/span><\/p>\n<p style=\"padding-left: 30px;\">N\u00e9 le 05 octobre 1880, Servaville Salmonville, Seine inf\u00e9rieure (76)<\/p>\n<div class=\"wpa-image-missing-alt alignright\"><a href=\"https:\/\/www.auzouvillesurry.fr\/wordpress\/wp-content\/uploads\/comm\u00e9morations\/matura.jpg\"><img loading=\"lazy\" decoding=\"async\" class=\"wp-image-1240 size-thumbnail alignnone\" src=\"https:\/\/www.auzouvillesurry.fr\/wordpress\/wp-content\/uploads\/comm\u00e9morations\/matura-150x150.jpg\" alt=\"\" width=\"150\" height=\"150\"\/><\/a><\/div>\n<p style=\"padding-left: 30px;\">P\u00e8re&nbsp;: MATURA Jules<br \/>\nM\u00e8re&nbsp;: MARAIS Agathe Julia<br \/>\nProfession&nbsp;:&nbsp; Domestique<br \/>\nDomicili\u00e9&nbsp;: Auzouville sur Ry<br \/>\nMari\u00e9 le 14 novembre 1904 \u00e0 Auzouville sur Ry avec EDELINE Marie Anaise (journali\u00e8re)<\/p>\n<p style=\"padding-left: 30px;\"><span style=\"text-decoration: underline;\">Classe<\/span> 1900, Matricule&nbsp;: 1605, 39\u00e8 RI, 28\u00e8 RI, Soldat de 2\u00e8 classe<br \/>\nDispens\u00e9 d\u2019article 21 car l\u2019a\u00een\u00e9 d\u2019orphelins ( dispense d\u2019une partie des obligations militaires en fonction de crit\u00e8res sociaux)<br \/>\n<span style=\"text-decoration: underline;\">Campagne<\/span> contre l\u2019Allemagne du 06 septembre 1914 au 26 mai 1915.<br \/>\nBless\u00e9 \u00e0 Notre Dame de Lorette et disparu le m\u00eame jour \u00e0<a href=\"https:\/\/www.memorialgenweb.org\/memorial3\/html\/fr\/complementter.php?table=bp&amp;id=6151186\" target=\"_blank\" rel=\"noopener nofollow\" class=\"external external_icon\"> Noulettes<\/a> Pas de Calais, Le 26 mai 1915.<br \/>\n<span style=\"text-decoration: underline;\">Indication<\/span> le co\u00fbt de l\u2019offensive sur la cr\u00eate de Vimy et l\u2019\u00e9peron De Notre Dame de Lorette fut tragique pour l\u2019arm\u00e9e fran\u00e7aise&nbsp;: 102&nbsp;000 pertes.<br \/>\n<span style=\"text-decoration: underline;\">S\u00e9pulture<\/span> Albain Saint Nazaire Pas de Calais, N\u00e9cropole nationale \u00ab&nbsp;Notre Dame de Lorette&nbsp;\u00bb, Carr\u00e9 40, Tombe 7889<br \/>\n<a href=\"https:\/\/www.archivesdepartementales76.net\/ark:\/50278\/c36522b93b1cd2612386ce0889155a3d\/daogrp\/0\/1\" target=\"_blank\" rel=\"noopener noreferrer nofollow\" class=\"external external_icon\">Voir son livret militaire<\/a><\/p>\n<div id=\"morin\">&nbsp;<\/div>\n<p><a href=\"#hautpage\">Retour haut de page<\/a><\/p>\n<p><span style=\"color: #993300;\">MORIN Albert Louis<\/span><\/p>\n<p style=\"padding-left: 30px;\">N\u00e9 le 02 juin 1895 Blainville Crevon, Seine Inf\u00e9rieure (76)<br \/>\nP\u00e8re&nbsp;: MORIN Victor Ernest<br \/>\nM\u00e8re&nbsp;: GOULLIER Victorine Agla\u00eb<br \/>\nProfession&nbsp;:&nbsp; Ouvrier agricole<br \/>\nDomicili\u00e9&nbsp;\u00e0 Auzouville sur Ry<\/p>\n<p style=\"padding-left: 30px;\"><span style=\"text-decoration: underline;\">Classe<\/span> 1915, Matricule&nbsp;: 2061, 24\u00e8 RI, 5\u00e8 RI 5\u00e8 Cie, Soldat de 2\u00e8 classe<br \/>\n<span style=\"text-decoration: underline;\">Campagne<\/span> contre l\u2019Allemagne du 19 d\u00e9cembre 1914 au 21avril 1916.<br \/>\nD\u00e9c\u00e9d\u00e9 \u00e0 8 h du matin, \u00e0 L\u2019<a href=\"http:\/\/www.memorialgenweb.org\/memorial3\/html\/fr\/complementter.php?id=86863&amp;rechercher=1&amp;submit=Autre%20fiche&amp;largeur=1600&amp;hauteur=900\" target=\"_blank\" rel=\"noopener noreferrer nofollow\" class=\"external external_icon\">h\u00f4pital anglais du ch\u00e2teau de Faux Miroir \u00e0 Contrisson<\/a> Meuse, suite de blessure de guerre(Infection de l\u2019articulation du genou droit, amputation tiers inf\u00e9rieure cuisse gauche. Septic\u00e9mie) Dress\u00e9 par Paul Viteux, officier \u00e9tat civil, Le 21 avril 1916.<br \/>\n<span style=\"text-decoration: underline;\">Indication<\/span> Le 57\u00e8 RI se trouve au fort de vaux en avril 1916. Celui ci est syst\u00e9matiquement bombard\u00e9 , depuis le 7 mars. Des averses de projectiles s\u2019abattent sur le fort. Il y avait de tous calibres, du 77 au 380 en passant par les 105 et 210. Ces obus \u00e0 certains moments tombaient \u00e0 la cadence de six par minute. Les soldats semblaient vivre au milieu d\u2019une effroyable temp\u00eate.<br \/>\n<span style=\"text-decoration: underline;\">S\u00e9pulture<\/span> Revigny sur Ornain Meuse, N\u00e9cropole nationale, Tombe 315<br \/>\n<a href=\"https:\/\/www.archivesdepartementales76.net\/ark:\/50278\/e31ba9c0f108e2a7fd3b3033cbf0cc56\/daogrp\/0\/1\" target=\"_blank\" rel=\"noopener noreferrer nofollow\" class=\"external external_icon\">Voir son livret militaire<\/a><\/p>\n<div id=\"royer\">&nbsp;<\/div>\n<p><a href=\"#hautpage\">Retour haut de page<\/a><\/p>\n<div id=\"royer\">&nbsp;<\/div>\n<p><span style=\"color: #993300;\">ROYER Emile Raymond<\/span><\/p>\n<p style=\"padding-left: 30px;\">N\u00e9 le 12 d\u00e9cembre 1892, Auzouville sur Ry, Seine Inf\u00e9rieure (76)<br \/>\nP\u00e8re&nbsp;: ROYER Am\u00e9d\u00e9e<br \/>\nM\u00e8re&nbsp;: EDELINE Augustine<br \/>\nProfession&nbsp;:&nbsp; Charretier<br \/>\nDomicili\u00e9&nbsp;\u00e0 Auzouville sur Ry<\/p>\n<p style=\"padding-left: 30px;\"><span style=\"text-decoration: underline;\">Classe<\/span> 1912, Matricule&nbsp;: 1168, 1er R\u00e9giment de g\u00e9nie, 21 R\u00e9giment de g\u00e9nie, Sapeur de 2\u00e8 classe<br \/>\nD\u00e9c\u00e9d\u00e9 \u00e0 L\u2019<a href=\"https:\/\/www.memorialgenweb.org\/memorial3\/html\/fr\/complementter.php?table=bp&amp;id=6151163\" target=\"_blank\" rel=\"noopener nofollow\" class=\"external external_icon\">h\u00f4pital militaris\u00e9 mixte de Vitry le Fran\u00e7ois<\/a> Marne, suite de maladie contract\u00e9e en service (grippe espagnole) le 30 ao\u00fbt 1918.<br \/>\n(un secours de 150 fr a \u00e9t\u00e9 pay\u00e9 \u00e0 son p\u00e8re le 25 novembre 1918)<br \/>\n<span style=\"text-decoration: underline;\">Indication<\/span> D\u00e8s l\u2019ann\u00e9e 1918, la France d\u00e9plore plus de 20&nbsp;000 morts aux arm\u00e9es du fait de la grippe. Les condition de vie avec l\u2019eau souill\u00e9e, la salet\u00e9, la vermine, les cadavres sommairement enterr\u00e9s ou d\u00e9terr\u00e9s par les bombardements, expliquent que le germe infectieux se soit propag\u00e9.<br \/>\n<span style=\"text-decoration: underline;\">S\u00e9pulture<\/span> non connue<br \/>\n<a href=\"https:\/\/www.archivesdepartementales76.net\/ark:\/50278\/3b8748ac91a2a4b019fa310ffd9ec71c\/daogrp\/0\/1\" target=\"_blank\" rel=\"noopener noreferrer nofollow\" class=\"external external_icon\">Voir son livret militaire<\/a><\/p>\n<div id=\"turpin\">&nbsp;<\/div>\n<p><a href=\"#hautpage\">Retour haut de page<\/a><\/p>\n<p><span style=\"color: #993300;\">TURPIN Anthyme Jules<\/span><\/p>\n<p style=\"padding-left: 30px;\">N\u00e9 le 20 juin 1885 Auzouville sur Ry, Seine inf\u00e9rieure (76)<br \/>\nP\u00e8re&nbsp;: TURPIN Ambroise<br \/>\nM\u00e8re&nbsp;: LEROY Armandine<br \/>\nProfession&nbsp;:&nbsp; Journalier<br \/>\nDomicili\u00e9&nbsp;: Auzouville sur Ry<br \/>\nMari\u00e9 le 7 ao\u00fbt 1909 \u00e0 Auzouville sur Ry Avec BENARD Ernestine Andrina (tisserande)<\/p>\n<p style=\"padding-left: 30px;\"><span style=\"text-decoration: underline;\">Classe<\/span> 1905, Matricule&nbsp;: 1306, 24\u00e8 RI&nbsp;, 3\u00e8 Cie, Soldat de 1\u00e8re classe<br \/>\n<span style=\"text-decoration: underline;\">Campagne<\/span> contre l\u2019Allemagne du 04 ao\u00fbt 1914 au 09 avril 1916.<br \/>\nTu\u00e9 \u00e0 l\u2019ennemi par suite de blessure, \u00e0 l<a href=\"http:\/\/www.memorialgenweb.org\/memorial3\/html\/fr\/complementter.php?id=2208464\" target=\"_blank\" rel=\"noopener noreferrer nofollow\" class=\"external external_icon\">\u2019\u00e9tang de Vaux Meuse<\/a> . Dress\u00e9 par Pierre Henri Louis Lieutenant de d\u00e9tails, officier \u00e9tat civil le 09 avril 1916.<br \/>\n<span style=\"text-decoration: underline;\">Indication<\/span> Le village de Vaux a \u00e9t\u00e9 reconstruit apr\u00e8s la guerre et a pris le nom de Vaux devant Damloup&nbsp;: Vaux (village d\u00e9truit) et Damloup (village \u00e0 2 km)<br \/>\n<span style=\"text-decoration: underline;\">S\u00e9pulture<\/span> Le village de Vaux o\u00f9 se trouve le fort dispara\u00eetra totalement sous l\u2019acharnement des pilonnages fran\u00e7ais et allemands.<br \/>\n<a href=\"https:\/\/www.archivesdepartementales76.net\/ark:\/50278\/a0d88c16b95339bf9328ae580ecae442\/daogrp\/0\/1\" target=\"_blank\" rel=\"noopener noreferrer nofollow\" class=\"external external_icon\">Voir son livret militaire<\/a><\/p>\n<p><a href=\"#hautpage\">Retour haut de page<\/a><\/p>\n<p style=\"padding-left: 30px;\">&nbsp;<\/p>\n<\/div>\n","protected":false},"excerpt":{"rendered":"<p>La contribution de la commune d&rsquo;Auzouville sur Ry \u00e0 la premi\u00e8re guerre mondiale:&nbsp; Il y a 100 notre pays \u00e9tait engag\u00e9 dans l&rsquo;une des guerres le plus meurtri\u00e8re de son histoire. Auzouville comme l&rsquo;ensemble des villes et villages de France a d\u00e9plor\u00e9 la perte de plusieurs de ses citoyens. Nous voulons ici honorer la m\u00e9moire [&hellip;]<\/p>\n","protected":false},"author":1,"featured_media":0,"parent":287,"menu_order":3,"comment_status":"closed","ping_status":"open","template":"","meta":{"ngg_post_thumbnail":0,"footnotes":""},"class_list":["post-1238","page","type-page","status-publish","hentry"],"_links":{"self":[{"href":"https:\/\/www.auzouvillesurry.fr\/wordpress\/wp-json\/wp\/v2\/pages\/1238","targetHints":{"allow":["GET"]}}],"collection":[{"href":"https:\/\/www.auzouvillesurry.fr\/wordpress\/wp-json\/wp\/v2\/pages"}],"about":[{"href":"https:\/\/www.auzouvillesurry.fr\/wordpress\/wp-json\/wp\/v2\/types\/page"}],"author":[{"embeddable":true,"href":"https:\/\/www.auzouvillesurry.fr\/wordpress\/wp-json\/wp\/v2\/users\/1"}],"replies":[{"embeddable":true,"href":"https:\/\/www.auzouvillesurry.fr\/wordpress\/wp-json\/wp\/v2\/comments?post=1238"}],"version-history":[{"count":39,"href":"https:\/\/www.auzouvillesurry.fr\/wordpress\/wp-json\/wp\/v2\/pages\/1238\/revisions"}],"predecessor-version":[{"id":11391,"href":"https:\/\/www.auzouvillesurry.fr\/wordpress\/wp-json\/wp\/v2\/pages\/1238\/revisions\/11391"}],"up":[{"embeddable":true,"href":"https:\/\/www.auzouvillesurry.fr\/wordpress\/wp-json\/wp\/v2\/pages\/287"}],"wp:attachment":[{"href":"https:\/\/www.auzouvillesurry.fr\/wordpress\/wp-json\/wp\/v2\/media?parent=1238"}],"curies":[{"name":"wp","href":"https:\/\/api.w.org\/{rel}","templated":true}]}}