{"id":11249,"date":"2022-10-14T19:40:56","date_gmt":"2022-10-14T18:40:56","guid":{"rendered":"http:\/\/www.auzouvillesurry.fr\/wordpress\/?page_id=11249"},"modified":"2022-10-14T19:41:27","modified_gmt":"2022-10-14T18:41:27","slug":"les-commercants-entre-1841-et-1936","status":"publish","type":"page","link":"https:\/\/www.auzouvillesurry.fr\/wordpress\/les-commercants-entre-1841-et-1936\/","title":{"rendered":"Les commer\u00e7ants entre 1841 et 1936"},"content":{"rendered":"\n<p>\nPr\u00e9ambule&nbsp;:<\/p>\n\n\n\n<p>Les donn\u00e9es qui servent \u00e0 la r\u00e9daction de cet article sont tir\u00e9es des recensements de la population entre 1841 et 1936 disponibles sur le site des <a href=\"http:\/\/recherche.archivesdepartementales76.net\/?id=recherche_guidee_recensement_detail&amp;doc=accounts%2Fmnesys_ad76%2Fdatas%2Fir%2Fserie_M_administration_generale_economie%2FFRAD076_IR_M_recensements_population.xml&amp;page_ref=21318&amp;unittitle=%20%20%20%20%20%20%20%20%20%20%20%20%20%20%20%20%20%20%20%20%20%20%20%20%20Auzouville-sur-Ry\" class=\"external external_icon\" rel=\"nofollow\" target=\"_blank\">archives d\u00e9partementales<\/a>. Ces d\u00e9nombrements de la population, comme ils \u00e9taient nomm\u00e9s avaient lieu tous les cinq ans, ce qui fait pour la p\u00e9riode consid\u00e9r\u00e9 treize documents analys\u00e9s (il n\u2019y a pas de recensement pour les ann\u00e9es 1871, 1886, 1891, 1896, 1911, 1931).<\/p>\n\n\n\n<p>Si\nl\u2019ensemble des d\u00e9nombrements d\u00e9coupent bien la commune en 4\nsecteurs&nbsp;: le Thil, Les Lesques, la Grange du Chemin et le\nCentre. Pour ce dernier il est, au gr\u00e9 des recenseurs, d\u00e9coup\u00e9 en\nplusieurs parties&nbsp;: cour de l\u2019\u00e9cole, place de l\u2019\u00e9glise,\ncarrefour de la mairie, grande rue (rue de l\u2019ancien Manoir), rue\nVaussier, rue Morel(actuelle rue des Chantepleuriers), sente des\nPasseux, qui seront dans la suite de cet article regroup\u00e9 sous le\nvocable Centre.<\/p>\n\n\n\n<p>\nLes\ndates mentionn\u00e9es ci-apr\u00e8s mentionnent l\u2019existence de ces\ncommerces au moment des recensements et ne pr\u00e9figurent ni du d\u00e9but\nni de la fin de l\u2019activit\u00e9.<\/p>\n\n\n\n<p>\nUne\nboucherie au centre du village fut exploit\u00e9e successivement par la\nfamille Placet de 1841 \u00e0 1866, Honor\u00e9 Blantron de 1876 \u00e0 1881,\nJules Blondel de 1901 \u00e0 1906 et Joseph Normand de 1921 \u00e0 1936.<\/p>\n\n\n\n<p>\nUne\nboulangerie \u00e9galement au centre tenue par la famille Lefebvre de\n1841 \u00e0 1846, Jean-Baptiste Leroy 1851, Jacques Gest en 1856 puis sa\nveuve de 1861 \u00e0 1866. A priori une deuxi\u00e8me boulangerie appara\u00eet\nen 1866 g\u00e9r\u00e9e par \u00c9lise Lefebvre veuve Leroy reprise par le fils\nAlfred Lefebvre de 1876 \u00e0 1881, puis No\u00ebl Leroy de 1901 \u00e0 1921,\nMaurice Viel en 1926 et Georges Delaunay en 1936.<\/p>\n\n\n\n<figure class=\"wp-block-image\"><img loading=\"lazy\" decoding=\"async\" width=\"1019\" height=\"642\" src=\"https:\/\/www.auzouvillesurry.fr\/wordpress\/wp-content\/uploads\/2022\/10\/commerce-2.jpg\" alt=\"\" class=\"wp-image-11251\" srcset=\"https:\/\/www.auzouvillesurry.fr\/wordpress\/wp-content\/uploads\/2022\/10\/commerce-2.jpg 1019w, https:\/\/www.auzouvillesurry.fr\/wordpress\/wp-content\/uploads\/2022\/10\/commerce-2-300x189.jpg 300w, https:\/\/www.auzouvillesurry.fr\/wordpress\/wp-content\/uploads\/2022\/10\/commerce-2-768x484.jpg 768w, https:\/\/www.auzouvillesurry.fr\/wordpress\/wp-content\/uploads\/2022\/10\/commerce-2-600x378.jpg 600w\" sizes=\"auto, (max-width: 1019px) 100vw, 1019px\" \/><\/figure>\n\n\n\n<p>\nLes\n\u00e9piceries sont souvent associ\u00e9es aux marchands caf\u00e9s, cabarets ou\nd\u00e9bitants.<\/p>\n\n\n\n<p>\nAux\nLesques on trouve Joseph Prairial Boulenger comme cabaretier de 1841\n\u00e0 1856 et de 1861 \u00e0 1881 un tailleur cafetier Eug\u00e8ne Lecuyer.<\/p>\n\n\n\n<p>\nAu\nThil de 1841 \u00e0 1856 on note Moise Durand soit comme marchand,\ncabaretier ou d\u00e9bitant, sa femme Marie Lefebvre ayant pris sa suite\napr\u00e8s sa mort. En 1856 Antoine Edeline dit Lecoq est recens\u00e9 comme\nd\u00e9bitant. Eus\u00e8be Caron puis sa femme J\u00e9romine Bouvet ont tenu une\n\u00e9picerie de 1866 \u00e0 1901. Anthime Saint Pierre \u00e9tait quant \u00e0 lui\nchantepleurier cafetier et marchand d\u00e8s 1861 jusqu\u2019en 1881. De\n1906 \u00e0 1926 Marie Carbonnier figure comme \u00e9pici\u00e8re d\u00e9bitante.<\/p>\n\n\n\n<p>\nAu\ncentre en 1851 Marie-H\u00e9loise Leroy \u00e9tait \u00e9pici\u00e8re et d\u00e9bitante.\nUne \u00e9picerie \u00e9tait tenue rue Morel par Honor\u00e9 Caron en 1861 et\n1866. Justine Leroy \u00e9tait \u00e9pici\u00e8re sente des Passeux en 1866. En\n1876 on signale deux \u00e9pici\u00e8res marchandes une pr\u00e8s de la mairie\n\u00c9lise Lefebvre, \u00e9galement boulang\u00e8re et une rue Morel St\u00e9phanie\nLefebvre qui en 1881 exerce avec son mari Arth\u00e9mise Leroy et en tant\nque veuve en 1901. En 1901 Fr\u00e9d\u00e9ric Mabire tenait une \u00e9picerie. En\n1906 Albertine Hav\u00e9 \u00e9tait d\u00e9bitante rue Morel. Les derniers\n\u00e9piciers recens\u00e9s au centre sont Paul Hall\u00e9 en 1921 et Raymond\nHoussaye en 1926 et en 1936 Gustave Coquet rue Morel.<\/p>\n\n\n\n<p>\nDes\nmarchands sont mentionn\u00e9s en divers points du village, sans que soit\npr\u00e9cis\u00e9 la nature de leur commerce&nbsp;: Fortun\u00e9e Lefebvre veuve\nAlexandre en 1841 et Marie Plet en 1851 aux Lesques, Aim\u00e9e Leroy\nveuve Edeline marchande et ling\u00e8re au centre en 1861 et 1866,\nLudivine Peltier en 1876 rue Morel, \u00c9lise Leroy au centre en 1881,\nEuphrasie Groult veuve Lap\u00f4tre au Thil en 1881. Fran\u00e7ois B\u00e9ton\nfigure comme marchand au centre de 1841 \u00e0 1851 tout comme Mathurine\nPlanche rue Morel.<\/p>\n\n\n\n<figure class=\"wp-block-image\"><img loading=\"lazy\" decoding=\"async\" width=\"822\" height=\"542\" src=\"https:\/\/www.auzouvillesurry.fr\/wordpress\/wp-content\/uploads\/2022\/10\/commerce-1.png\" alt=\"\" class=\"wp-image-11250\" srcset=\"https:\/\/www.auzouvillesurry.fr\/wordpress\/wp-content\/uploads\/2022\/10\/commerce-1.png 822w, https:\/\/www.auzouvillesurry.fr\/wordpress\/wp-content\/uploads\/2022\/10\/commerce-1-300x198.png 300w, https:\/\/www.auzouvillesurry.fr\/wordpress\/wp-content\/uploads\/2022\/10\/commerce-1-768x506.png 768w, https:\/\/www.auzouvillesurry.fr\/wordpress\/wp-content\/uploads\/2022\/10\/commerce-1-600x396.png 600w\" sizes=\"auto, (max-width: 822px) 100vw, 822px\" \/><\/figure>\n\n\n\n<p>\nDurant\ncette p\u00e9riode Georges Lain\u00e9 de 1841 \u00e0 1866, Th\u00e9odule Rouselle en\n1876, Jean-Baptiste Acalbled en 1881, Alexandre Candellier en 1906\nEdmond Dudoult en 1906, Am\u00e9lie Denoilles en 1926 et Jean Le Monnier\nassuraient l\u2019\u00e9ducation des gar\u00e7ons. \n<\/p>\n\n\n\n<p>\nDes\nenseignants priv\u00e9s enseignaient aux filles : Victoire Avenel en\n1841, Maire-Lucille Tessier en religion s\u0153ur Marie du Rosaire en\n1846 et 1851 ou soeur du Sacr\u00e9 Coeur de J\u00e9sus en 1856, Virginie\nGras en 1861 en religion s\u0153ur Marie C\u00e9cile de J\u00e9sus, Lucie\nTruffaud et Victoire Quatremare en religion s\u0153ur Marie-M\u00e9lanie en\n1866, H\u00e9lo\u00efse Tulle en 1876, Flore Campion en 1881, Val\u00e9rie Carle\nen 1901. \n<\/p>\n\n\n\n<p>\nEn\n1906 Joseph Anfrait \u00e9tait professeur particulier dans la famille\nCavelier d\u2019Esclavelle rue du Vaussier.<\/p>\n\n\n\n<p>\nCot\u00e9\nreligion la paroisse \u00e9tait sous la responsabilit\u00e9 d\u2019un\ndesservant, Placide Leroy recens\u00e9 comme occupant ce poste en 1841 et\n1866, remplac\u00e9 en 1876 et 1881 par Alphonse Dubois, Constant\nBr\u00e9geault en 1901, Auguste Beaudron en 1906 et Philibert Guilloux en\n1921 et 1926. \n<\/p>\n\n\n\n<p>\nLa\ncommune \u00e9tait administr\u00e9e par Jean-Baptiste Edeline jusqu\u2019en 1848\n(fondeur au Thil), Georges Duval 1849 \u00e0 1852 (rentier grande rue),\nAlphonse Le b\u0153uf Vicomte d\u2019Osmoy de 1852 \u00e0 1868 (propri\u00e9taire\naux Lesques), Georges Duval de 1869 \u00e0 1871 (rentier grande rue), \nAuguste Guerard de 1871 \u00e0 1881 (cultivateur aux Lesques), On\u00e9sime\nBoucher de 1881 \u00e0 1891(cultivateur grande rue), Dominique Sansaas de\n1891 \u00e0 1897 (cultivateur grande rue), Alexandre Gaillard 1901 \u00e0\n1902 (propri\u00e9taire le centre), Rapha\u00ebl Marc en 1903 (cultivateur\nles Lesques), Pascal Caron 1904 1907 (sans profession le Thil),\nEug\u00e8ne Marc de 1908 \u00e0 1919 (cultivateur les Lesques, mobilis\u00e9\npendant la guerre), Joseph Laroche 1921 \u00e0 1955 (agriculteur aux\nLesques)<\/p>\n","protected":false},"excerpt":{"rendered":"<p>Pr\u00e9ambule&nbsp;: Les donn\u00e9es qui servent \u00e0 la r\u00e9daction de cet article sont tir\u00e9es des recensements de la population entre 1841 et 1936 disponibles sur le site des archives d\u00e9partementales. Ces d\u00e9nombrements de la population, comme ils \u00e9taient nomm\u00e9s avaient lieu tous les cinq ans, ce qui fait pour la p\u00e9riode consid\u00e9r\u00e9 treize documents analys\u00e9s (il [&hellip;]<\/p>\n","protected":false},"author":1,"featured_media":0,"parent":0,"menu_order":0,"comment_status":"closed","ping_status":"closed","template":"","meta":{"ngg_post_thumbnail":0,"footnotes":""},"class_list":["post-11249","page","type-page","status-publish","hentry"],"_links":{"self":[{"href":"https:\/\/www.auzouvillesurry.fr\/wordpress\/wp-json\/wp\/v2\/pages\/11249","targetHints":{"allow":["GET"]}}],"collection":[{"href":"https:\/\/www.auzouvillesurry.fr\/wordpress\/wp-json\/wp\/v2\/pages"}],"about":[{"href":"https:\/\/www.auzouvillesurry.fr\/wordpress\/wp-json\/wp\/v2\/types\/page"}],"author":[{"embeddable":true,"href":"https:\/\/www.auzouvillesurry.fr\/wordpress\/wp-json\/wp\/v2\/users\/1"}],"replies":[{"embeddable":true,"href":"https:\/\/www.auzouvillesurry.fr\/wordpress\/wp-json\/wp\/v2\/comments?post=11249"}],"version-history":[{"count":1,"href":"https:\/\/www.auzouvillesurry.fr\/wordpress\/wp-json\/wp\/v2\/pages\/11249\/revisions"}],"predecessor-version":[{"id":11252,"href":"https:\/\/www.auzouvillesurry.fr\/wordpress\/wp-json\/wp\/v2\/pages\/11249\/revisions\/11252"}],"wp:attachment":[{"href":"https:\/\/www.auzouvillesurry.fr\/wordpress\/wp-json\/wp\/v2\/media?parent=11249"}],"curies":[{"name":"wp","href":"https:\/\/api.w.org\/{rel}","templated":true}]}}